{"id":73,"date":"2013-08-27T11:17:20","date_gmt":"2013-08-27T09:17:20","guid":{"rendered":"http:\/\/kulturakademin.se\/stornila\/?page_id=73"},"modified":"2014-05-16T16:34:05","modified_gmt":"2014-05-16T14:34:05","slug":"skytteanskaskolan-tarnaby","status":"publish","type":"page","link":"https:\/\/kulturakademin.se\/stornila\/skytteanskaskolan-tarnaby\/","title":{"rendered":"Skytteanska skolan &#8211; T\u00e4rnaby"},"content":{"rendered":"<p>16\/5-14<\/p>\n<p>Birger Ekerlid \u00e4r f\u00f6rfattaren till <em>Fattiga som de voro, <\/em>boken om Stor-Nila och Lill-Docka. Birger har p\u00e5 sin hemsida skrivit om f\u00f6rest\u00e4llningarna om Stor-Nila i T\u00e4rnaby. Det finns \u00e4ven n\u00e5gra fotografier.<\/p>\n<p><a href=\"http:\/\/www.birgerekerlid.se\/AKTUELLT\/Musikal-med-mersmak\" target=\"_blank\">Klicka h\u00e4r f\u00f6r att komma dit. <\/a><\/p>\n<p><a href=\"http:\/\/www.birgerekerlid.se\/BIRGERS-BLOGG\" target=\"_blank\">L\u00e4s \u00e4ven vad han skriver p\u00e5 sin blogg.<br \/>\n<\/a><\/p>\n<p>12\/5-14<\/p>\n<p>Skytteanska skolan har haft sina f\u00f6rest\u00e4llningar och vilka f\u00f6rest\u00e4llningar! Vilken succ\u00e9! Fantastiskt bra!<\/p>\n<p>Bilder fr\u00e5n f\u00f6rest\u00e4llningen. (Mobilbilder tagna av Kicki)<\/p>\n<div id='gallery-1' class='gallery galleryid-73 gallery-columns-3 gallery-size-thumbnail'><figure class='gallery-item'>\n\t\t\t<div class='gallery-icon portrait'>\n\t\t\t\t<a href='https:\/\/kulturakademin.se\/stornila\/skytteanskaskolan-tarnaby\/stornila4\/'><img loading=\"lazy\" decoding=\"async\" width=\"150\" height=\"150\" src=\"https:\/\/kulturakademin.se\/stornila\/wp-content\/uploads\/sites\/20\/2013\/08\/stornila4-150x150.jpg\" class=\"attachment-thumbnail size-thumbnail\" alt=\"\" \/><\/a>\n\t\t\t<\/div><\/figure><figure class='gallery-item'>\n\t\t\t<div class='gallery-icon portrait'>\n\t\t\t\t<a href='https:\/\/kulturakademin.se\/stornila\/skytteanskaskolan-tarnaby\/stornila6\/'><img loading=\"lazy\" decoding=\"async\" width=\"150\" height=\"150\" src=\"https:\/\/kulturakademin.se\/stornila\/wp-content\/uploads\/sites\/20\/2013\/08\/stornila6-150x150.jpg\" class=\"attachment-thumbnail size-thumbnail\" alt=\"\" \/><\/a>\n\t\t\t<\/div><\/figure><figure class='gallery-item'>\n\t\t\t<div class='gallery-icon landscape'>\n\t\t\t\t<a href='https:\/\/kulturakademin.se\/stornila\/skytteanskaskolan-tarnaby\/stornila3\/'><img loading=\"lazy\" decoding=\"async\" width=\"150\" height=\"150\" src=\"https:\/\/kulturakademin.se\/stornila\/wp-content\/uploads\/sites\/20\/2013\/08\/stornila3-150x150.jpg\" class=\"attachment-thumbnail size-thumbnail\" alt=\"\" \/><\/a>\n\t\t\t<\/div><\/figure><figure class='gallery-item'>\n\t\t\t<div class='gallery-icon landscape'>\n\t\t\t\t<a href='https:\/\/kulturakademin.se\/stornila\/skytteanskaskolan-tarnaby\/stornila2\/'><img loading=\"lazy\" decoding=\"async\" width=\"150\" height=\"150\" src=\"https:\/\/kulturakademin.se\/stornila\/wp-content\/uploads\/sites\/20\/2013\/08\/stornila2-150x150.jpg\" class=\"attachment-thumbnail size-thumbnail\" alt=\"\" \/><\/a>\n\t\t\t<\/div><\/figure><figure class='gallery-item'>\n\t\t\t<div class='gallery-icon portrait'>\n\t\t\t\t<a href='https:\/\/kulturakademin.se\/stornila\/skytteanskaskolan-tarnaby\/stornila\/'><img loading=\"lazy\" decoding=\"async\" width=\"150\" height=\"150\" src=\"https:\/\/kulturakademin.se\/stornila\/wp-content\/uploads\/sites\/20\/2013\/08\/stornila-150x150.jpg\" class=\"attachment-thumbnail size-thumbnail\" alt=\"\" \/><\/a>\n\t\t\t<\/div><\/figure><figure class='gallery-item'>\n\t\t\t<div class='gallery-icon landscape'>\n\t\t\t\t<a href='https:\/\/kulturakademin.se\/stornila\/skytteanskaskolan-tarnaby\/stornila5\/'><img loading=\"lazy\" decoding=\"async\" width=\"150\" height=\"150\" src=\"https:\/\/kulturakademin.se\/stornila\/wp-content\/uploads\/sites\/20\/2013\/08\/stornila5-150x150.jpg\" class=\"attachment-thumbnail size-thumbnail\" alt=\"\" aria-describedby=\"gallery-1-477\" \/><\/a>\n\t\t\t<\/div>\n\t\t\t\t<figcaption class='wp-caption-text gallery-caption' id='gallery-1-477'>\n\t\t\t\tKaarina \u00c5str\u00f6m och Mikael Niemi tackar alla. \n\t\t\t\t<\/figcaption><\/figure>\n\t\t<\/div>\n\n<p>Ett inslag fr\u00e5n Svt\u00b4s Oddasat. Kan ses fram till fredag 16\/5.<\/p>\n<p><a href=\"http:\/\/www.svtplay.se\/klipp\/2034085\/vuosttas-cajalmas-beakkan-stor-nila-birra\" target=\"_blank\">http:\/\/www.svtplay.se\/klipp\/2034085\/vuosttas-cajalmas-beakkan-stor-nila-birra<\/a><\/p>\n<p>18\/2-14<\/p>\n<p>Jag mejlade fr\u00e5gor till Mikael Niemi om pj\u00e4sen. Dessa svar fick jag .<\/p>\n<p><strong>Vem \u00e4r du och vad har du gjort till Stor-Nila\u00a0projektet ?<\/strong><\/p>\n<p>Jag \u00e4r f\u00f6rfattare och bor i Pajala i Norrbotten. Min mor kommer fr\u00e5n T\u00e4rnaby, och jag \u00e4r f\u00f6dd p\u00e5 T\u00e4rnaby sjukstuga 1959. Jag har skrivit teatermanuset till Stor-Nila.<\/p>\n<p><strong>Vad ska man t\u00e4nka p\u00e5 n\u00e4r man skriver \u00e4n pj\u00e4s ?<\/strong><\/p>\n<p>Att inte skriva f\u00f6r l\u00e5nga repliker, att anv\u00e4nda talspr\u00e5k och att det finns konflikter i pj\u00e4sen mellan m\u00e4nniskor, br\u00e5k eller k\u00e4rlek, till exempel.<\/p>\n<p><strong>Vad har du f\u00f6r relation till Stor-Nila?<\/strong><\/p>\n<p>Han \u00e4r en sl\u00e4kting till mig. Min mormors farfars morbror.<\/p>\n<p><strong>Vad tror du kommer bli mest sp\u00e4nnande i pj\u00e4sen? Favoritdel?<\/strong><\/p>\n<p>Slutscenen d\u00e4r ungdomarna hamnar i sn\u00f6storm p\u00e5 fj\u00e4llet. Eller br\u00f6llopet. Och slagsm\u00e5let f\u00f6rst\u00e5s med skidan \u00e4ven om den \u00e4r ot\u00e4ck.<\/p>\n<p><strong>Hur vill du att pj\u00e4sen ska bli?\u00a0<\/strong><\/p>\n<p>Sp\u00e4nnande, fin musik och g\u00e4rna en del humor.<\/p>\n<p><strong>Vad tror du blir l\u00e4ttast\/sv\u00e5rast?<\/strong><\/p>\n<p>Br\u00f6llopsscenen tror jag \u00e4r sv\u00e5r med allt som h\u00e4nder p\u00e5 scen. L\u00e4ttast blir att f\u00e5 appl\u00e5der fr\u00e5n alla tacksamma f\u00f6r\u00e4ldrar som kommer f\u00f6r att titta p\u00e5 er!<\/p>\n<p><strong>Kommer du att titta p\u00e5 n\u00e5gon f\u00f6rest\u00e4llning?<\/strong><\/p>\n<p>Jag t\u00e4nkte b\u00f6rja med att se f\u00f6rest\u00e4llningen i Lycksele. Sedan f\u00e5r vi se.<\/p>\n<p>Tack Mikael f\u00f6r svaren. \/Sofia<\/p>\n<p>27\/1 -14.<\/p>\n<p>Invigning av kulturhuvudstads\u00e5ret i Storuman. Teatergruppen Dramaskri fr\u00e5n T\u00e4rnaby tolkar Stor-Nila och Lill-Dockas liv.<\/p>\n<p><a href=\"http:\/\/kulturakademin.se\/stornila\/wp-content\/uploads\/sites\/20\/2013\/08\/dramaskri.jpg\"><img loading=\"lazy\" decoding=\"async\" class=\"alignnone  wp-image-413\" alt=\"dramaskri\" src=\"http:\/\/kulturakademin.se\/stornila\/wp-content\/uploads\/sites\/20\/2013\/08\/dramaskri.jpg\" width=\"622\" height=\"467\" srcset=\"https:\/\/kulturakademin.se\/stornila\/wp-content\/uploads\/sites\/20\/2013\/08\/dramaskri.jpg 778w, https:\/\/kulturakademin.se\/stornila\/wp-content\/uploads\/sites\/20\/2013\/08\/dramaskri-300x225.jpg 300w, https:\/\/kulturakademin.se\/stornila\/wp-content\/uploads\/sites\/20\/2013\/08\/dramaskri-600x450.jpg 600w\" sizes=\"(max-width: 622px) 100vw, 622px\" \/><\/a><\/p>\n<p>Bilder fr\u00e5n f\u00f6rest\u00e4llningen. Kolla p\u00e5 skolans blogg f\u00f6r att se dem i\u00a0lite st\u00f6rre format.\u00a0<a href=\"http:\/\/skytteanskaskolan.wordpress.com\/2014\/01\/30\/bilder\/\" target=\"_blank\">Klicka h\u00e4r. <\/a><br \/>\nFotograf Duncan Kemp<\/p>\n<div id='gallery-2' class='gallery galleryid-73 gallery-columns-3 gallery-size-thumbnail'><figure class='gallery-item'>\n\t\t\t<div class='gallery-icon landscape'>\n\t\t\t\t<a href='https:\/\/kulturakademin.se\/stornila\/skytteanskaskolan-tarnaby\/dramaskri2\/'><img loading=\"lazy\" decoding=\"async\" width=\"150\" height=\"150\" src=\"https:\/\/kulturakademin.se\/stornila\/wp-content\/uploads\/sites\/20\/2013\/08\/dramaskri2-150x150.jpg\" class=\"attachment-thumbnail size-thumbnail\" alt=\"\" \/><\/a>\n\t\t\t<\/div><\/figure><figure class='gallery-item'>\n\t\t\t<div class='gallery-icon landscape'>\n\t\t\t\t<a href='https:\/\/kulturakademin.se\/stornila\/skytteanskaskolan-tarnaby\/dramaskri3\/'><img loading=\"lazy\" decoding=\"async\" width=\"150\" height=\"150\" src=\"https:\/\/kulturakademin.se\/stornila\/wp-content\/uploads\/sites\/20\/2013\/08\/dramaskri3-150x150.jpg\" class=\"attachment-thumbnail size-thumbnail\" alt=\"\" \/><\/a>\n\t\t\t<\/div><\/figure><figure class='gallery-item'>\n\t\t\t<div class='gallery-icon landscape'>\n\t\t\t\t<a href='https:\/\/kulturakademin.se\/stornila\/skytteanskaskolan-tarnaby\/dramaskri4\/'><img loading=\"lazy\" decoding=\"async\" width=\"150\" height=\"150\" src=\"https:\/\/kulturakademin.se\/stornila\/wp-content\/uploads\/sites\/20\/2013\/08\/dramaskri4-150x150.jpg\" class=\"attachment-thumbnail size-thumbnail\" alt=\"\" \/><\/a>\n\t\t\t<\/div><\/figure><figure class='gallery-item'>\n\t\t\t<div class='gallery-icon landscape'>\n\t\t\t\t<a href='https:\/\/kulturakademin.se\/stornila\/skytteanskaskolan-tarnaby\/dramaskri8\/'><img loading=\"lazy\" decoding=\"async\" width=\"150\" height=\"150\" src=\"https:\/\/kulturakademin.se\/stornila\/wp-content\/uploads\/sites\/20\/2013\/08\/dramaskri8-150x150.jpg\" class=\"attachment-thumbnail size-thumbnail\" alt=\"\" \/><\/a>\n\t\t\t<\/div><\/figure><figure class='gallery-item'>\n\t\t\t<div class='gallery-icon landscape'>\n\t\t\t\t<a href='https:\/\/kulturakademin.se\/stornila\/skytteanskaskolan-tarnaby\/dramaskri9\/'><img loading=\"lazy\" decoding=\"async\" width=\"150\" height=\"150\" src=\"https:\/\/kulturakademin.se\/stornila\/wp-content\/uploads\/sites\/20\/2013\/08\/dramaskri9-150x150.jpg\" class=\"attachment-thumbnail size-thumbnail\" alt=\"\" \/><\/a>\n\t\t\t<\/div><\/figure><figure class='gallery-item'>\n\t\t\t<div class='gallery-icon landscape'>\n\t\t\t\t<a href='https:\/\/kulturakademin.se\/stornila\/skytteanskaskolan-tarnaby\/dramaskri11\/'><img loading=\"lazy\" decoding=\"async\" width=\"150\" height=\"150\" src=\"https:\/\/kulturakademin.se\/stornila\/wp-content\/uploads\/sites\/20\/2013\/08\/dramaskri11-150x150.jpg\" class=\"attachment-thumbnail size-thumbnail\" alt=\"\" \/><\/a>\n\t\t\t<\/div><\/figure>\n\t\t<\/div>\n\n<p><a href=\"http:\/\/kulturakademin.se\/stornila\/skytteanskaskolan-tarnaby\/syslojd\/\" target=\"_blank\">Klicka h\u00e4r f\u00f6r att se hur det g\u00e5r f\u00f6r sysl\u00f6jdgruppen.<\/a><\/p>\n<p><a href=\"http:\/\/kulturakademin.se\/stornila\/skytteanskaskolan-tarnaby\/dramadans\/\" target=\"_blank\">Klicka h\u00e4r f\u00f6r att se hur det g\u00e5r f\u00f6r drama\/dansgruppen.<\/a><\/p>\n<p><a href=\"http:\/\/kulturakademin.se\/stornila\/skytteanskaskolan-tarnaby\/traslojd\/\" target=\"_blank\">Klicka\u00a0h\u00e4r f\u00f6r att se hur det g\u00e5r f\u00f6r tr\u00e4sl\u00f6jdgruppen.<\/a><\/p>\n<p><a href=\"http:\/\/kulturakademin.se\/stornila\/skytteanskaskolan-tarnaby\/musik\/\" target=\"_blank\">Klicka h\u00e4r f\u00f6r att se hur det g\u00e5r f\u00f6r musikgruppen.<\/a><\/p>\n<p><a href=\"http:\/\/kulturakademin.se\/stornila\/skytteanskaskolan-tarnaby\/bild\/\" target=\"_blank\">Klicka h\u00e4r f\u00f6r att se hur det g\u00e5r p\u00e5 bilden. <\/a><\/p>\n<p>\u2666<\/p>\n<p><a href=\"http:\/\/kulturakademin.se\/stornila\/wp-content\/uploads\/sites\/20\/2013\/10\/per-egland.jpg\"><img loading=\"lazy\" decoding=\"async\" alt=\"per egland\" src=\"http:\/\/kulturakademin.se\/stornila\/wp-content\/uploads\/sites\/20\/2013\/10\/per-egland.jpg\" width=\"240\" height=\"180\" \/><\/a><\/p>\n<p>Per Egland bes\u00f6kte b\u00e5de Storuman och T\u00e4rnaby f\u00f6r att h\u00f6ra hur det g\u00e5r f\u00f6r ungdomarna. Det \u00e4r nog f\u00f6rsta g\u00e5ngen att han har h\u00f6rt musiken &#8221;live&#8221;. Han kunde svara p\u00e5 fr\u00e5gor samt ta intryck av hur ungdomar bekantade sig med l\u00e5tarna. Sedan \u00e5kte han till Lycksele d\u00e4r han uppt\u00e4ckte en &#8221;elevrevolt&#8221; mot technostilen i en av l\u00e5tarna. Det blir nog punk i st\u00e4llet &#8211; &#8221;underbart&#8221; tyckte Per som satt upp halva natten f\u00f6r att arrangera om l\u00e5ten!<\/p>\n","protected":false},"excerpt":{"rendered":"<p>16\/5-14 Birger Ekerlid \u00e4r f\u00f6rfattaren till Fattiga som de voro, boken om Stor-Nila och Lill-Docka. Birger har p\u00e5 sin hemsida skrivit om f\u00f6rest\u00e4llningarna om Stor-Nila i T\u00e4rnaby. Det finns \u00e4ven n\u00e5gra fotografier. Klicka h\u00e4r f\u00f6r att komma dit. L\u00e4s \u00e4ven vad han skriver p\u00e5 sin blogg. 12\/5-14 Skytteanska skolan har haft sina f\u00f6rest\u00e4llningar och vilka [&hellip;]<\/p>\n","protected":false},"author":3,"featured_media":0,"parent":0,"menu_order":0,"comment_status":"closed","ping_status":"closed","template":"","meta":{"_genesis_hide_title":false,"_genesis_hide_breadcrumbs":false,"_genesis_hide_singular_image":false,"_genesis_hide_footer_widgets":false,"_genesis_custom_body_class":"","_genesis_custom_post_class":"","_genesis_layout":"","footnotes":""},"featured_image_src":null,"featured_image_src_square":null,"_links":{"self":[{"href":"https:\/\/kulturakademin.se\/stornila\/wp-json\/wp\/v2\/pages\/73"}],"collection":[{"href":"https:\/\/kulturakademin.se\/stornila\/wp-json\/wp\/v2\/pages"}],"about":[{"href":"https:\/\/kulturakademin.se\/stornila\/wp-json\/wp\/v2\/types\/page"}],"author":[{"embeddable":true,"href":"https:\/\/kulturakademin.se\/stornila\/wp-json\/wp\/v2\/users\/3"}],"replies":[{"embeddable":true,"href":"https:\/\/kulturakademin.se\/stornila\/wp-json\/wp\/v2\/comments?post=73"}],"version-history":[{"count":19,"href":"https:\/\/kulturakademin.se\/stornila\/wp-json\/wp\/v2\/pages\/73\/revisions"}],"predecessor-version":[{"id":480,"href":"https:\/\/kulturakademin.se\/stornila\/wp-json\/wp\/v2\/pages\/73\/revisions\/480"}],"wp:attachment":[{"href":"https:\/\/kulturakademin.se\/stornila\/wp-json\/wp\/v2\/media?parent=73"}],"curies":[{"name":"wp","href":"https:\/\/api.w.org\/{rel}","templated":true}]}}