{"id":314,"date":"2013-11-26T14:52:50","date_gmt":"2013-11-26T13:52:50","guid":{"rendered":"http:\/\/kulturakademin.se\/stornila\/?page_id=314"},"modified":"2014-03-17T12:48:52","modified_gmt":"2014-03-17T11:48:52","slug":"musik","status":"publish","type":"page","link":"https:\/\/kulturakademin.se\/stornila\/skytteanskaskolan-tarnaby\/musik\/","title":{"rendered":"Musik"},"content":{"rendered":"<p>13\/3-14<\/p>\n<p>Heldagstr\u00e4ning inf\u00f6r f\u00f6rest\u00e4llningen.<\/p>\n<p><a href=\"http:\/\/kulturakademin.se\/stornila\/wp-content\/uploads\/sites\/20\/2013\/11\/IMG_0274.jpg\"><img loading=\"lazy\" decoding=\"async\" class=\"alignnone size-full wp-image-452\" alt=\"musik heldagstr\u00e4ning\" src=\"http:\/\/kulturakademin.se\/stornila\/wp-content\/uploads\/sites\/20\/2013\/11\/IMG_0274.jpg\" width=\"400\" height=\"300\" srcset=\"https:\/\/kulturakademin.se\/stornila\/wp-content\/uploads\/sites\/20\/2013\/11\/IMG_0274.jpg 400w, https:\/\/kulturakademin.se\/stornila\/wp-content\/uploads\/sites\/20\/2013\/11\/IMG_0274-300x225.jpg 300w\" sizes=\"(max-width: 400px) 100vw, 400px\" \/><\/a><\/p>\n<p>17\/12-13<\/p>\n<p>Dom tr\u00e4nar f\u00f6r att var med i pj\u00e4sen och spela.<\/p>\n<div id='gallery-1' class='gallery galleryid-314 gallery-columns-3 gallery-size-thumbnail'><figure class='gallery-item'>\n\t\t\t<div class='gallery-icon landscape'>\n\t\t\t\t<a href='https:\/\/kulturakademin.se\/stornila\/skytteanskaskolan-tarnaby\/musik\/alla\/'><img loading=\"lazy\" decoding=\"async\" width=\"150\" height=\"150\" src=\"https:\/\/kulturakademin.se\/stornila\/wp-content\/uploads\/sites\/20\/2013\/11\/alla-150x150.jpg\" class=\"attachment-thumbnail size-thumbnail\" alt=\"\" aria-describedby=\"gallery-1-382\" \/><\/a>\n\t\t\t<\/div>\n\t\t\t\t<figcaption class='wp-caption-text gallery-caption' id='gallery-1-382'>\n\t\t\t\tDom spelar just nu scen fyra Lisa och Niklas\n\t\t\t\t<\/figcaption><\/figure><figure class='gallery-item'>\n\t\t\t<div class='gallery-icon landscape'>\n\t\t\t\t<a href='https:\/\/kulturakademin.se\/stornila\/skytteanskaskolan-tarnaby\/musik\/jama\/'><img loading=\"lazy\" decoding=\"async\" width=\"150\" height=\"150\" src=\"https:\/\/kulturakademin.se\/stornila\/wp-content\/uploads\/sites\/20\/2013\/11\/jama-150x150.jpg\" class=\"attachment-thumbnail size-thumbnail\" alt=\"\" \/><\/a>\n\t\t\t<\/div><\/figure>\n\t\t<\/div>\n\n<p>&nbsp;<\/p>\n<p>26\/11-13<\/p>\n<p>H\u00e4r f\u00f6rbereder sig musikgruppen f\u00f6r pj\u00e4sen.<\/p>\n<div id='gallery-2' class='gallery galleryid-314 gallery-columns-2 gallery-size-thumbnail'><figure class='gallery-item'>\n\t\t\t<div class='gallery-icon landscape'>\n\t\t\t\t<a href='https:\/\/kulturakademin.se\/stornila\/saxofon\/'><img loading=\"lazy\" decoding=\"async\" width=\"150\" height=\"150\" src=\"https:\/\/kulturakademin.se\/stornila\/wp-content\/uploads\/sites\/20\/2013\/11\/saxofon-150x150.jpg\" class=\"attachment-thumbnail size-thumbnail\" alt=\"\" \/><\/a>\n\t\t\t<\/div><\/figure><figure class='gallery-item'>\n\t\t\t<div class='gallery-icon landscape'>\n\t\t\t\t<a href='https:\/\/kulturakademin.se\/stornila\/klarinett\/'><img loading=\"lazy\" decoding=\"async\" width=\"150\" height=\"150\" src=\"https:\/\/kulturakademin.se\/stornila\/wp-content\/uploads\/sites\/20\/2013\/11\/klarinett-150x150.jpg\" class=\"attachment-thumbnail size-thumbnail\" alt=\"\" \/><\/a>\n\t\t\t<\/div><\/figure><figure class='gallery-item'>\n\t\t\t<div class='gallery-icon landscape'>\n\t\t\t\t<a href='https:\/\/kulturakademin.se\/stornila\/gitarren\/'><img loading=\"lazy\" decoding=\"async\" width=\"150\" height=\"150\" src=\"https:\/\/kulturakademin.se\/stornila\/wp-content\/uploads\/sites\/20\/2013\/11\/gitarren-150x150.jpg\" class=\"attachment-thumbnail size-thumbnail\" alt=\"\" \/><\/a>\n\t\t\t<\/div><\/figure>\n\t\t<\/div>\n\n","protected":false},"excerpt":{"rendered":"<p>13\/3-14 Heldagstr\u00e4ning inf\u00f6r f\u00f6rest\u00e4llningen. 17\/12-13 Dom tr\u00e4nar f\u00f6r att var med i pj\u00e4sen och spela. &nbsp; 26\/11-13 H\u00e4r f\u00f6rbereder sig musikgruppen f\u00f6r pj\u00e4sen.<\/p>\n","protected":false},"author":12,"featured_media":0,"parent":73,"menu_order":1,"comment_status":"closed","ping_status":"closed","template":"","meta":{"_genesis_hide_title":false,"_genesis_hide_breadcrumbs":false,"_genesis_hide_singular_image":false,"_genesis_hide_footer_widgets":false,"_genesis_custom_body_class":"","_genesis_custom_post_class":"","_genesis_layout":"","footnotes":""},"featured_image_src":null,"featured_image_src_square":null,"_links":{"self":[{"href":"https:\/\/kulturakademin.se\/stornila\/wp-json\/wp\/v2\/pages\/314"}],"collection":[{"href":"https:\/\/kulturakademin.se\/stornila\/wp-json\/wp\/v2\/pages"}],"about":[{"href":"https:\/\/kulturakademin.se\/stornila\/wp-json\/wp\/v2\/types\/page"}],"author":[{"embeddable":true,"href":"https:\/\/kulturakademin.se\/stornila\/wp-json\/wp\/v2\/users\/12"}],"replies":[{"embeddable":true,"href":"https:\/\/kulturakademin.se\/stornila\/wp-json\/wp\/v2\/comments?post=314"}],"version-history":[{"count":6,"href":"https:\/\/kulturakademin.se\/stornila\/wp-json\/wp\/v2\/pages\/314\/revisions"}],"predecessor-version":[{"id":455,"href":"https:\/\/kulturakademin.se\/stornila\/wp-json\/wp\/v2\/pages\/314\/revisions\/455"}],"up":[{"embeddable":true,"href":"https:\/\/kulturakademin.se\/stornila\/wp-json\/wp\/v2\/pages\/73"}],"wp:attachment":[{"href":"https:\/\/kulturakademin.se\/stornila\/wp-json\/wp\/v2\/media?parent=314"}],"curies":[{"name":"wp","href":"https:\/\/api.w.org\/{rel}","templated":true}]}}