{"id":121,"date":"2013-09-04T11:43:59","date_gmt":"2013-09-04T09:43:59","guid":{"rendered":"http:\/\/kulturakademin.se\/stornila\/?page_id=121"},"modified":"2013-12-02T15:44:32","modified_gmt":"2013-12-02T14:44:32","slug":"musikfiler","status":"publish","type":"page","link":"https:\/\/kulturakademin.se\/stornila\/studiematerial-skolor\/musikfiler\/","title":{"rendered":"Musikfiler"},"content":{"rendered":"<p>H\u00e4r finns audio filer till musikalen.<\/p>\n<!--[if lt IE 9]><script>document.createElement('audio');<\/script><![endif]-->\n<audio class=\"wp-audio-shortcode\" id=\"audio-121-1\" preload=\"none\" style=\"width: 100%;\" controls=\"controls\"><source type=\"audio\/mpeg\" src=\"http:\/\/kulturakademin.se\/stornila\/wp-content\/uploads\/sites\/20\/2013\/09\/0-Ouvertyr-bl\u00e5s.mp3?_=1\" \/><a href=\"http:\/\/kulturakademin.se\/stornila\/wp-content\/uploads\/sites\/20\/2013\/09\/0-Ouvertyr-bl\u00e5s.mp3\">http:\/\/kulturakademin.se\/stornila\/wp-content\/uploads\/sites\/20\/2013\/09\/0-Ouvertyr-bl\u00e5s.mp3<\/a><\/audio>\n<p>Ouvertyr<\/p>\n<audio class=\"wp-audio-shortcode\" id=\"audio-121-2\" preload=\"none\" style=\"width: 100%;\" controls=\"controls\"><source type=\"audio\/mpeg\" src=\"http:\/\/kulturakademin.se\/stornila\/wp-content\/uploads\/sites\/20\/2013\/09\/1-Fj\u00e4llvinden-bl\u00e5s.mp3?_=2\" \/><a href=\"http:\/\/kulturakademin.se\/stornila\/wp-content\/uploads\/sites\/20\/2013\/09\/1-Fj\u00e4llvinden-bl\u00e5s.mp3\">http:\/\/kulturakademin.se\/stornila\/wp-content\/uploads\/sites\/20\/2013\/09\/1-Fj\u00e4llvinden-bl\u00e5s.mp3<\/a><\/audio>\n<p>Scen 1. Fj\u00e4llvinden<\/p>\n<audio class=\"wp-audio-shortcode\" id=\"audio-121-3\" preload=\"none\" style=\"width: 100%;\" controls=\"controls\"><source type=\"audio\/mpeg\" src=\"http:\/\/kulturakademin.se\/stornila\/wp-content\/uploads\/sites\/20\/2013\/09\/2-Sovrummet-med-bl\u00e5s.mp3?_=3\" \/><a href=\"http:\/\/kulturakademin.se\/stornila\/wp-content\/uploads\/sites\/20\/2013\/09\/2-Sovrummet-med-bl\u00e5s.mp3\">http:\/\/kulturakademin.se\/stornila\/wp-content\/uploads\/sites\/20\/2013\/09\/2-Sovrummet-med-bl\u00e5s.mp3<\/a><\/audio>\n<p>Scen 2. Sovrummet<\/p>\n<audio class=\"wp-audio-shortcode\" id=\"audio-121-4\" preload=\"none\" style=\"width: 100%;\" controls=\"controls\"><source type=\"audio\/mpeg\" src=\"http:\/\/kulturakademin.se\/stornila\/wp-content\/uploads\/sites\/20\/2013\/09\/4-Niklas-med-bl\u00e5s.mp3?_=4\" \/><a href=\"http:\/\/kulturakademin.se\/stornila\/wp-content\/uploads\/sites\/20\/2013\/09\/4-Niklas-med-bl\u00e5s.mp3\">http:\/\/kulturakademin.se\/stornila\/wp-content\/uploads\/sites\/20\/2013\/09\/4-Niklas-med-bl\u00e5s.mp3<\/a><\/audio>\n<p>Scen 4. Niklas<\/p>\n<audio class=\"wp-audio-shortcode\" id=\"audio-121-5\" preload=\"none\" style=\"width: 100%;\" controls=\"controls\"><source type=\"audio\/mpeg\" src=\"http:\/\/kulturakademin.se\/stornila\/wp-content\/uploads\/sites\/20\/2013\/09\/5-Kniven-bl\u00e5s.mp3?_=5\" \/><a href=\"http:\/\/kulturakademin.se\/stornila\/wp-content\/uploads\/sites\/20\/2013\/09\/5-Kniven-bl\u00e5s.mp3\">http:\/\/kulturakademin.se\/stornila\/wp-content\/uploads\/sites\/20\/2013\/09\/5-Kniven-bl\u00e5s.mp3<\/a><\/audio>\n<p>Scen 5. Kniven<\/p>\n<audio class=\"wp-audio-shortcode\" id=\"audio-121-6\" preload=\"none\" style=\"width: 100%;\" controls=\"controls\"><source type=\"audio\/mpeg\" src=\"http:\/\/kulturakademin.se\/stornila\/wp-content\/uploads\/sites\/20\/2013\/09\/6-med-bl\u00e5s-mix.mp3?_=6\" \/><a href=\"http:\/\/kulturakademin.se\/stornila\/wp-content\/uploads\/sites\/20\/2013\/09\/6-med-bl\u00e5s-mix.mp3\">http:\/\/kulturakademin.se\/stornila\/wp-content\/uploads\/sites\/20\/2013\/09\/6-med-bl\u00e5s-mix.mp3<\/a><\/audio>\n<p>Scen 6. Br\u00f6llop<\/p>\n<audio class=\"wp-audio-shortcode\" id=\"audio-121-7\" preload=\"none\" style=\"width: 100%;\" controls=\"controls\"><source type=\"audio\/mpeg\" src=\"http:\/\/kulturakademin.se\/stornila\/wp-content\/uploads\/sites\/20\/2013\/09\/9-Duellanterna-bl\u00e5s.mp3?_=7\" \/><a href=\"http:\/\/kulturakademin.se\/stornila\/wp-content\/uploads\/sites\/20\/2013\/09\/9-Duellanterna-bl\u00e5s.mp3\">http:\/\/kulturakademin.se\/stornila\/wp-content\/uploads\/sites\/20\/2013\/09\/9-Duellanterna-bl\u00e5s.mp3<\/a><\/audio>\n<p>Scen 9. Duellanterna<\/p>\n<audio class=\"wp-audio-shortcode\" id=\"audio-121-8\" preload=\"none\" style=\"width: 100%;\" controls=\"controls\"><source type=\"audio\/mpeg\" src=\"http:\/\/kulturakademin.se\/stornila\/wp-content\/uploads\/sites\/20\/2013\/10\/11-Samepolitiken-korrigerad.mp3?_=8\" \/><a href=\"http:\/\/kulturakademin.se\/stornila\/wp-content\/uploads\/sites\/20\/2013\/10\/11-Samepolitiken-korrigerad.mp3\">http:\/\/kulturakademin.se\/stornila\/wp-content\/uploads\/sites\/20\/2013\/10\/11-Samepolitiken-korrigerad.mp3<\/a><\/audio>\n<p>Scen 11. Samepolitiken<\/p>\n<audio class=\"wp-audio-shortcode\" id=\"audio-121-9\" preload=\"none\" style=\"width: 100%;\" controls=\"controls\"><source type=\"audio\/mpeg\" src=\"http:\/\/kulturakademin.se\/stornila\/wp-content\/uploads\/sites\/20\/2013\/10\/Lisas-s\u00e5ng-bl\u00e5s-korregerad.mp3?_=9\" \/><a href=\"http:\/\/kulturakademin.se\/stornila\/wp-content\/uploads\/sites\/20\/2013\/10\/Lisas-s\u00e5ng-bl\u00e5s-korregerad.mp3\">http:\/\/kulturakademin.se\/stornila\/wp-content\/uploads\/sites\/20\/2013\/10\/Lisas-s\u00e5ng-bl\u00e5s-korregerad.mp3<\/a><\/audio>\n<p>Scen 12 Lisas s\u00e5ng<\/p>\n<audio class=\"wp-audio-shortcode\" id=\"audio-121-10\" preload=\"none\" style=\"width: 100%;\" controls=\"controls\"><source type=\"audio\/mpeg\" src=\"http:\/\/kulturakademin.se\/stornila\/wp-content\/uploads\/sites\/20\/2013\/10\/Scen-13-\u00c5terkomsten-korrigerad.mp3?_=10\" \/><a href=\"http:\/\/kulturakademin.se\/stornila\/wp-content\/uploads\/sites\/20\/2013\/10\/Scen-13-\u00c5terkomsten-korrigerad.mp3\">http:\/\/kulturakademin.se\/stornila\/wp-content\/uploads\/sites\/20\/2013\/10\/Scen-13-\u00c5terkomsten-korrigerad.mp3<\/a><\/audio>\n<p>Scen 13. \u00c5terkomsten<\/p>\n<audio class=\"wp-audio-shortcode\" id=\"audio-121-11\" preload=\"none\" style=\"width: 100%;\" controls=\"controls\"><source type=\"audio\/mpeg\" src=\"http:\/\/kulturakademin.se\/stornila\/wp-content\/uploads\/sites\/20\/2013\/10\/14-Insikten-bl\u00e5s.mp3?_=11\" \/><a href=\"http:\/\/kulturakademin.se\/stornila\/wp-content\/uploads\/sites\/20\/2013\/10\/14-Insikten-bl\u00e5s.mp3\">http:\/\/kulturakademin.se\/stornila\/wp-content\/uploads\/sites\/20\/2013\/10\/14-Insikten-bl\u00e5s.mp3<\/a><\/audio>\n<p>Scen 14. Insikten<\/p>\n<audio class=\"wp-audio-shortcode\" id=\"audio-121-12\" preload=\"none\" style=\"width: 100%;\" controls=\"controls\"><source type=\"audio\/mpeg\" src=\"http:\/\/kulturakademin.se\/stornila\/wp-content\/uploads\/sites\/20\/2013\/09\/15-Bergravningsmarschen-bl\u00e5s.mp3?_=12\" \/><a href=\"http:\/\/kulturakademin.se\/stornila\/wp-content\/uploads\/sites\/20\/2013\/09\/15-Bergravningsmarschen-bl\u00e5s.mp3\">http:\/\/kulturakademin.se\/stornila\/wp-content\/uploads\/sites\/20\/2013\/09\/15-Bergravningsmarschen-bl\u00e5s.mp3<\/a><\/audio>\n<p>Scen 15. Begravningsmarschen<\/p>\n<audio class=\"wp-audio-shortcode\" id=\"audio-121-13\" preload=\"none\" style=\"width: 100%;\" controls=\"controls\"><source type=\"audio\/mpeg\" src=\"http:\/\/kulturakademin.se\/stornila\/wp-content\/uploads\/sites\/20\/2013\/09\/18-Hj\u00e4rtslagstorm-med-bl\u00e5s.mp3?_=13\" \/><a href=\"http:\/\/kulturakademin.se\/stornila\/wp-content\/uploads\/sites\/20\/2013\/09\/18-Hj\u00e4rtslagstorm-med-bl\u00e5s.mp3\">http:\/\/kulturakademin.se\/stornila\/wp-content\/uploads\/sites\/20\/2013\/09\/18-Hj\u00e4rtslagstorm-med-bl\u00e5s.mp3<\/a><\/audio>\n<p>Scen 18. Hj\u00e4rtslagstorm<\/p>\n<audio class=\"wp-audio-shortcode\" id=\"audio-121-14\" preload=\"none\" style=\"width: 100%;\" controls=\"controls\"><source type=\"audio\/mpeg\" src=\"http:\/\/kulturakademin.se\/stornila\/wp-content\/uploads\/sites\/20\/2013\/09\/Slutscenen-med-bl\u00e5s.mp3?_=14\" \/><a href=\"http:\/\/kulturakademin.se\/stornila\/wp-content\/uploads\/sites\/20\/2013\/09\/Slutscenen-med-bl\u00e5s.mp3\">http:\/\/kulturakademin.se\/stornila\/wp-content\/uploads\/sites\/20\/2013\/09\/Slutscenen-med-bl\u00e5s.mp3<\/a><\/audio>\n<p>Slutscenen<\/p>\n<p>&nbsp;<\/p>\n<p>GITARRMIXEN<\/p>\n<audio class=\"wp-audio-shortcode\" id=\"audio-121-15\" preload=\"none\" style=\"width: 100%;\" controls=\"controls\"><source type=\"audio\/mpeg\" src=\"http:\/\/kulturakademin.se\/stornila\/wp-content\/uploads\/sites\/20\/2013\/10\/Ouvertyr-gitarrmix1.mp3?_=15\" \/><a href=\"http:\/\/kulturakademin.se\/stornila\/wp-content\/uploads\/sites\/20\/2013\/10\/Ouvertyr-gitarrmix1.mp3\">http:\/\/kulturakademin.se\/stornila\/wp-content\/uploads\/sites\/20\/2013\/10\/Ouvertyr-gitarrmix1.mp3<\/a><\/audio>\n<p>Ouvertyren<\/p>\n<audio class=\"wp-audio-shortcode\" id=\"audio-121-16\" preload=\"none\" style=\"width: 100%;\" controls=\"controls\"><source type=\"audio\/mpeg\" src=\"http:\/\/kulturakademin.se\/stornila\/wp-content\/uploads\/sites\/20\/2013\/10\/Scen-1-fj\u00e4llvinden-gitarrmix1.mp3?_=16\" \/><a href=\"http:\/\/kulturakademin.se\/stornila\/wp-content\/uploads\/sites\/20\/2013\/10\/Scen-1-fj\u00e4llvinden-gitarrmix1.mp3\">http:\/\/kulturakademin.se\/stornila\/wp-content\/uploads\/sites\/20\/2013\/10\/Scen-1-fj\u00e4llvinden-gitarrmix1.mp3<\/a><\/audio>\n<p>Scen 1. Fj\u00e4llvinden<\/p>\n<audio class=\"wp-audio-shortcode\" id=\"audio-121-17\" preload=\"none\" style=\"width: 100%;\" controls=\"controls\"><source type=\"audio\/mpeg\" src=\"http:\/\/kulturakademin.se\/stornila\/wp-content\/uploads\/sites\/20\/2013\/10\/Scen-4-Niklas1.mp3?_=17\" \/><a href=\"http:\/\/kulturakademin.se\/stornila\/wp-content\/uploads\/sites\/20\/2013\/10\/Scen-4-Niklas1.mp3\">http:\/\/kulturakademin.se\/stornila\/wp-content\/uploads\/sites\/20\/2013\/10\/Scen-4-Niklas1.mp3<\/a><\/audio>\n<p>Scen 4. Niklas<\/p>\n<audio class=\"wp-audio-shortcode\" id=\"audio-121-18\" preload=\"none\" style=\"width: 100%;\" controls=\"controls\"><source type=\"audio\/mpeg\" src=\"http:\/\/kulturakademin.se\/stornila\/wp-content\/uploads\/sites\/20\/2013\/10\/Scen-5-Kniven-gitarrmix1.mp3?_=18\" \/><a href=\"http:\/\/kulturakademin.se\/stornila\/wp-content\/uploads\/sites\/20\/2013\/10\/Scen-5-Kniven-gitarrmix1.mp3\">http:\/\/kulturakademin.se\/stornila\/wp-content\/uploads\/sites\/20\/2013\/10\/Scen-5-Kniven-gitarrmix1.mp3<\/a><\/audio>\n<p>Scen 5. Kniven<\/p>\n<audio class=\"wp-audio-shortcode\" id=\"audio-121-19\" preload=\"none\" style=\"width: 100%;\" controls=\"controls\"><source type=\"audio\/mpeg\" src=\"http:\/\/kulturakademin.se\/stornila\/wp-content\/uploads\/sites\/20\/2013\/10\/Scen-6-gitarrmix-mix.mp3?_=19\" \/><a href=\"http:\/\/kulturakademin.se\/stornila\/wp-content\/uploads\/sites\/20\/2013\/10\/Scen-6-gitarrmix-mix.mp3\">http:\/\/kulturakademin.se\/stornila\/wp-content\/uploads\/sites\/20\/2013\/10\/Scen-6-gitarrmix-mix.mp3<\/a><\/audio>\n<p>Scen 6. Br\u00f6llop<\/p>\n<audio class=\"wp-audio-shortcode\" id=\"audio-121-20\" preload=\"none\" style=\"width: 100%;\" controls=\"controls\"><source type=\"audio\/mpeg\" src=\"http:\/\/kulturakademin.se\/stornila\/wp-content\/uploads\/sites\/20\/2013\/10\/9-Duellanterna-gitarrmix-med-elevinprovisation1.mp3?_=20\" \/><a href=\"http:\/\/kulturakademin.se\/stornila\/wp-content\/uploads\/sites\/20\/2013\/10\/9-Duellanterna-gitarrmix-med-elevinprovisation1.mp3\">http:\/\/kulturakademin.se\/stornila\/wp-content\/uploads\/sites\/20\/2013\/10\/9-Duellanterna-gitarrmix-med-elevinprovisation1.mp3<\/a><\/audio>\n<p>Scen 9. Duellanterna<\/p>\n<audio class=\"wp-audio-shortcode\" id=\"audio-121-21\" preload=\"none\" style=\"width: 100%;\" controls=\"controls\"><source type=\"audio\/mpeg\" src=\"http:\/\/kulturakademin.se\/stornila\/wp-content\/uploads\/sites\/20\/2013\/10\/Scen-11-Samepolitiken-gitarrmix-.mp3?_=21\" \/><a href=\"http:\/\/kulturakademin.se\/stornila\/wp-content\/uploads\/sites\/20\/2013\/10\/Scen-11-Samepolitiken-gitarrmix-.mp3\">http:\/\/kulturakademin.se\/stornila\/wp-content\/uploads\/sites\/20\/2013\/10\/Scen-11-Samepolitiken-gitarrmix-.mp3<\/a><\/audio>\n<p>Scen 11. Samepolitiken<\/p>\n<audio class=\"wp-audio-shortcode\" id=\"audio-121-22\" preload=\"none\" style=\"width: 100%;\" controls=\"controls\"><source type=\"audio\/mpeg\" src=\"http:\/\/kulturakademin.se\/stornila\/wp-content\/uploads\/sites\/20\/2013\/10\/Scen-14-\u00c5terkomsten-gitarrmix-Refr\u00e4ng-direkt.mp3?_=22\" \/><a href=\"http:\/\/kulturakademin.se\/stornila\/wp-content\/uploads\/sites\/20\/2013\/10\/Scen-14-\u00c5terkomsten-gitarrmix-Refr\u00e4ng-direkt.mp3\">http:\/\/kulturakademin.se\/stornila\/wp-content\/uploads\/sites\/20\/2013\/10\/Scen-14-\u00c5terkomsten-gitarrmix-Refr\u00e4ng-direkt.mp3<\/a><\/audio>\n<p>Scen 14. \u00c5terkomsten<\/p>\n<audio class=\"wp-audio-shortcode\" id=\"audio-121-23\" preload=\"none\" style=\"width: 100%;\" controls=\"controls\"><source type=\"audio\/mpeg\" src=\"http:\/\/kulturakademin.se\/stornila\/wp-content\/uploads\/sites\/20\/2013\/10\/Scen-14b-Insikten-gitarrmix.mp3?_=23\" \/><a href=\"http:\/\/kulturakademin.se\/stornila\/wp-content\/uploads\/sites\/20\/2013\/10\/Scen-14b-Insikten-gitarrmix.mp3\">http:\/\/kulturakademin.se\/stornila\/wp-content\/uploads\/sites\/20\/2013\/10\/Scen-14b-Insikten-gitarrmix.mp3<\/a><\/audio>\n<p>Scen 14. Insikten<\/p>\n<audio class=\"wp-audio-shortcode\" id=\"audio-121-24\" preload=\"none\" style=\"width: 100%;\" controls=\"controls\"><source type=\"audio\/mpeg\" src=\"http:\/\/kulturakademin.se\/stornila\/wp-content\/uploads\/sites\/20\/2013\/10\/Slutscenen-gitarrmix.mp3?_=24\" \/><a href=\"http:\/\/kulturakademin.se\/stornila\/wp-content\/uploads\/sites\/20\/2013\/10\/Slutscenen-gitarrmix.mp3\">http:\/\/kulturakademin.se\/stornila\/wp-content\/uploads\/sites\/20\/2013\/10\/Slutscenen-gitarrmix.mp3<\/a><\/audio>\n<p>Slutscenen<\/p>\n","protected":false},"excerpt":{"rendered":"<p>H\u00e4r finns audio filer till musikalen. Ouvertyr Scen 1. Fj\u00e4llvinden Scen 2. Sovrummet Scen 4. Niklas Scen 5. Kniven Scen 6. Br\u00f6llop Scen 9. Duellanterna Scen 11. Samepolitiken Scen 12 Lisas s\u00e5ng Scen 13. \u00c5terkomsten Scen 14. Insikten Scen 15. Begravningsmarschen Scen 18. Hj\u00e4rtslagstorm Slutscenen &nbsp; GITARRMIXEN Ouvertyren Scen 1. Fj\u00e4llvinden Scen 4. Niklas Scen [&hellip;]<\/p>\n","protected":false},"author":3,"featured_media":0,"parent":56,"menu_order":0,"comment_status":"closed","ping_status":"closed","template":"","meta":{"_genesis_hide_title":false,"_genesis_hide_breadcrumbs":false,"_genesis_hide_singular_image":false,"_genesis_hide_footer_widgets":false,"_genesis_custom_body_class":"","_genesis_custom_post_class":"","_genesis_layout":"","footnotes":""},"featured_image_src":null,"featured_image_src_square":null,"_links":{"self":[{"href":"https:\/\/kulturakademin.se\/stornila\/wp-json\/wp\/v2\/pages\/121"}],"collection":[{"href":"https:\/\/kulturakademin.se\/stornila\/wp-json\/wp\/v2\/pages"}],"about":[{"href":"https:\/\/kulturakademin.se\/stornila\/wp-json\/wp\/v2\/types\/page"}],"author":[{"embeddable":true,"href":"https:\/\/kulturakademin.se\/stornila\/wp-json\/wp\/v2\/users\/3"}],"replies":[{"embeddable":true,"href":"https:\/\/kulturakademin.se\/stornila\/wp-json\/wp\/v2\/comments?post=121"}],"version-history":[{"count":15,"href":"https:\/\/kulturakademin.se\/stornila\/wp-json\/wp\/v2\/pages\/121\/revisions"}],"predecessor-version":[{"id":297,"href":"https:\/\/kulturakademin.se\/stornila\/wp-json\/wp\/v2\/pages\/121\/revisions\/297"}],"up":[{"embeddable":true,"href":"https:\/\/kulturakademin.se\/stornila\/wp-json\/wp\/v2\/pages\/56"}],"wp:attachment":[{"href":"https:\/\/kulturakademin.se\/stornila\/wp-json\/wp\/v2\/media?parent=121"}],"curies":[{"name":"wp","href":"https:\/\/api.w.org\/{rel}","templated":true}]}}